{"id":116,"date":"2015-12-24T14:24:50","date_gmt":"2015-12-24T13:24:50","guid":{"rendered":"http:\/\/www.restaurantcalenric.cat\/es\/?page_id=116"},"modified":"2026-04-22T16:54:37","modified_gmt":"2026-04-22T14:54:37","slug":"home","status":"publish","type":"page","link":"https:\/\/www.restaurantcalenric.cat\/es\/","title":{"rendered":"Home"},"content":{"rendered":"<div class=\"restaurant\">\n<div id=\"calenric\" class=\"part1\">\n<div class=\"wrap960\">\n<h3 class=\"frase\">Ca l\u2019Enric empieza en 1882 como un hostal para transe\u00fantes y peque\u00f1a tienda para abastecer los agricultores de la zona. En 1965, con la llegada de Dolors, la mujer de Desideri, empiezan los \u201cplatillos\u201d y poco despu\u00e9s las cazuelas y la brasa del fin de semana. Ahora el viejo hostal ya es todo un restaurante, aqu\u00ed empieza Ca l\u2019Enric. Actualmente los hijos de Desideri y Dolors contin\u00faan evolucionando esta cocina tradicional encontrando la esencia de los sabores del territorio.<\/h3>\n<\/div>\n<p><img decoding=\"async\" src=\"http:\/\/www.restaurantcalenric.cat\/wp\/wp-content\/uploads\/2015\/12\/restaurant1.jpg\" \/><\/p>\n<h3>DE ANTES Y DE HOY<\/h3>\n<hr \/>\n<p class=\"respnw\">Un hostal del a\u00f1o 1882 con un interior de dise\u00f1o<br \/>\ncontempor\u00e1neo, acogedor y silencioso. El ambiente id\u00f3neo para degustar<br \/>\nla interpretaci\u00f3n contempor\u00e1nea de la cocina de antes.<\/p>\n<\/div>\n<div class=\"part2\">\n<div class=\"wrap1200\"><img decoding=\"async\" class=\"anim\" src=\"http:\/\/www.restaurantcalenric.cat\/wp\/wp-content\/uploads\/2015\/12\/restaurant3.jpg\" \/><\/div>\n<h3>UN TERRITORIO INH\u00d3SPITO<\/h3>\n<hr \/>\n<p class=\"respnw\">La Vall de Bianya es un territorio inh\u00f3spito y poco poblado, aislado y frio.<br \/>\nEste aislamiento ha propiciado la conservaci\u00f3n de este espacio de inter\u00e9s<br \/>\nnatural con una gran riqueza biol\u00f3gica.<\/p>\n<\/div>\n<div class=\"part3\">\n<div class=\"wrap1200\"><div class=\"threecol-one\">\n<img decoding=\"async\" src=\"http:\/\/www.restaurantcalenric.cat\/wp\/wp-content\/uploads\/2015\/12\/restaurant4.jpg\" \/><img decoding=\"async\" src=\"http:\/\/www.restaurantcalenric.cat\/wp\/wp-content\/uploads\/2015\/12\/restaurant5.jpg\" \/><br \/>\n<\/div><div class=\"threecol-two last\">\n<img decoding=\"async\" src=\"http:\/\/www.restaurantcalenric.cat\/wp\/wp-content\/uploads\/2015\/12\/restaurant6.jpg\" \/><br \/>\n<\/div><div class=\"clear\"><\/div><\/div>\n<\/div>\n<div id=\"restaurant\" class=\"part4\">\n<div class=\"wrap1200\"><img decoding=\"async\" class=\"anim\" src=\"http:\/\/www.restaurantcalenric.cat\/wp\/wp-content\/uploads\/2015\/12\/restaurant8.jpg\" alt=\"restaurant3\" \/><\/div>\n<h3>UNA CASA CON HISTORIA<\/h3>\n<hr \/>\n<p class=\"respnw\">Cuando entramos a Ca l\u2019Enric lo hacemos por el antiguo colmado, que tambi\u00e9n<br \/>\nse convert\u00eda en barber\u00eda, d\u00f3nde Desideri aprovechaba los domingos<br \/>\npara esquilar a los payeses de la zona.<\/p>\n<\/div>\n<div class=\"part5\">\n<div class=\"wrap660\">\n<h3>LA COCINA<\/h3>\n<hr \/>\n<p>Ofrecemos una interpretaci\u00f3n de la cocina tradicional catalana con productos de temporada e ingredientes del entorno pr\u00f3ximo, los bosques de la Vall de Bianya.<br \/>\nSeleccionamos los mejores productos y recuperamos los sabores de la cocina tradicional con un toque de vanguardia.<\/p>\n<\/div>\n<\/div>\n<div id=\"menu\" class=\"part6\">\n<div class=\"wrap1200\">\n<!--\n\n\n<div class=\"menu\">\n\n\n<h3>[acf field=\"titol_menu_1\"]<\/h3>\n\n\n\n\n\n<hr class=\"anim\" \/>\n\n[acf field=\"text_menu_1\"]\n\n\n<div class=\"comprar\"><a href=\"https:\/\/www.restaurantcalenric.cat\/es\/reservas\/\" rel=\"noopener\">RESERVAR<\/a><\/div>\n\n\n* Los men\u00fas se elaboran con productos de mercado y pueden variar seg\u00fan el d\u00eda.\n\n\n<div class=\"preu\">[acf field=\"preu_menu_1\"]\u20ac<\/div>\n\n\n<\/div>\n\n\n--><\/p>\n<div class=\"menu\">\n<h3>DESCUBRIENDO EL VALLE<\/h3>\n<hr class=\"anim\" \/>\nRavioli de calabaza con \u201ccream fresh\u201d de anchoa<br \/>\r\nSobrasada con moniato<br \/>\r\nCanap\u00e9 de \u201cduxelle\u201d de setas con butifarra blanca de ajo y perejil<br \/>\r\nEmbutido de la casa<br \/>\r\nCresta de gallo con ensaladilla de r\u00edo<br \/>\r\n\u201cDadinho\u201cde Farr\u00f3<br \/>\r\nAnchoa con mantequilla ahumada y trufa<br \/>\r\nOreja de cerdo con caviar<br \/>\r\nFais\u00e1n Sour<br \/>\r\n-<br \/>\r\nTartar de vaca Simmental de Mas Aulina<br \/>\r\nErizo de mar con casta\u00f1a y g\u00edrgola<br \/>\r\nPerdiz\/ Ostra\/ \"Fesols\" de Santa Pau<br \/>\r\nEscudella de jabal\u00ed<br \/>\r\nMar y monta\u00f1a de setas, bogavante y longaniza<br \/>\r\nBacalao con guisantes y aire de eneldo<br \/>\r\nJabal\u00ed, col y trufa<br \/>\r\nTerrina de paloma torcaz, salsa de olivada y tomate<br \/>\r\n-<br \/>\r\nColmenilla, tomillo i avellana<br \/>\r\nNuestra versi\u00f3n de la Sara<br \/>\r\n<br \/>\r\nPetit fours<br \/>\r\n<br \/>\r\nServicio de pan incluido <br \/>\r\n\u202866.00\u20ac Opci\u00f3n maridaje de vinos\u2028<br \/>\r\n10% IVA INCLUIDO\u2028<br \/>\r\nLOS MEN\u00daS SE SIRVEN A MESA COMPLETA<br \/>\r\nPRECIO POR PERSONA<br \/>\r\n\n<div class=\"comprar\"><a href=\"https:\/\/www.restaurantcalenric.cat\/es\/reservas\/\" rel=\"noopener\">RESERVAR<\/a><\/div>\n<p>* Los men\u00fas se elaboran con productos de mercado y pueden variar seg\u00fan el d\u00eda.<\/p>\n<div class=\"preu\">165\u20ac<\/div>\n<\/div>\n<div class=\"woo-sc-divider flat\"><\/div>\n<\/div>\n<\/div>\n<div class=\"part7\">\n<div class=\"wrap1200\">\n<div class=\"lacarta\">\n<h3>LA CARTA<\/h3>\n<div class=\"carta\">\n<div class=\"fourcol-one\">\n<h3>ENTRANTES<\/h3>\n<p><div class=\"woo-sc-divider\"><\/div><p><strong>Sotobosque de roble<\/strong>; Tartar de lomo de vaca madurada en dos servicios.<br \/>\n45,00\u20ac<\/p>\n<p>&#8211;<br \/>\n<strong>Ensalada de habas<\/strong><br \/>\nHabas escaldadas con aceite de menta, \u201cgel\u00e9\u201d de jam\u00f3n, \u201cmousse\u201d de jam\u00f3n, crujiente de jam\u00f3n, fresas de bosque, tomate confitado y \u201ccrispy nitro\u201d de botifarra negra.<br \/>\n35,00\u20ac<\/p>\n<p>&#8211;<br \/>\n<strong>Erizos de mar frescos<\/strong>, salsa de erizos de mar frescos, pur\u00e9 de casta\u00f1a y g\u00edrgolas con tempura.<\/p>\n<p>40,00\u20ac<\/p>\n<p>&#8211;<br \/>\n<strong>Escudella de jabal\u00ed<\/strong>, galets rellenos de alb\u00f3ndiga de jabal\u00ed, milhojas de patata, col y papada de cerdo<\/p>\n<p>35,00\u20ac<\/p>\n<p>&nbsp;<\/p>\n<\/div><div class=\"fourcol-one\">\n<h3>PESCADOS<\/h3>\n<p><div class=\"woo-sc-divider\"><\/div><p><strong>Bacalao<\/strong><br \/>\nConfitado, pil pil de tripa de bacalao con espinacas, guisantes a la brasa y aire de eneldo. Bu\u00f1uelo de brandada de bacalao con coraz\u00f3n de setas. Tripa \u00absufl\u00e9\u00bb con esqueixada de bacalao y picada de pimiento y aceituna.<br \/>\n45,00\u20ac<\/p>\n<p>&#8211;<br \/>\n<strong>Mar y monta\u00f1a de setas salteadas<\/strong>, pil pil de setas, alb\u00f3ndigas de longaniza, bogavante y papada ib\u00e9rica.<br \/>\n52,00\u20ac<\/p>\n<p>&#8211;<\/p>\n<p><strong>Gamba<\/strong>, con calabaza, tendones de ternera y rebozuelos en escabeche.<\/p>\n<p>52,00\u20ac<\/p>\n<\/div><div class=\"fourcol-one\">\n<h3>CARNES<\/h3>\n<p><div class=\"woo-sc-divider\"><\/div><p><strong>Galantina de paloma torcaz<\/strong>, con colmenilla rellena de guiso de paloma torcaz, taco de tartar de las pechugas de paloma torcaz, celery y acelgas.<br \/>\n45,00\u20ac<\/p>\n<p>&#8211;<br \/>\n<strong>Ternera Angus con Wellington de cola de buey<\/strong>, salsa de pimiento verde, \u201csriracha\u201d de pimientos del padr\u00f3n, croqueta de berenjena y parmesano, y taco de ternera guisada.<br \/>\n48,00\u20ac<\/p>\n<p>&#8211;<\/p>\n<p><strong>Carrillera de jabal\u00ed<\/strong>, con trufa y col.<br \/>\n45,00\u20ac<\/p>\n<\/div><div class=\"fourcol-one last\">\n<h3>POSTRES<\/h3>\n<p><div class=\"woo-sc-divider\"><\/div><p><strong>Colmenilla con miel<\/strong><br \/>\nHelado de leche de oveja y tomillo, crema de reques\u00f3n, \u00abcrumble\u00bb de trompetas amarillas y avellanas, \u201ctoffee\u201d de tomillo, crujiente de colmenillas y esponja de pi\u00f1ones y vainilla.<\/p>\n<p>\u2014<\/p>\n<p><strong>Nuestra versi\u00f3n de la Sara<\/strong><br \/>\nDiferentes texturas de almendra tostada, helado de mantequilla tostada, merengue de caf\u00e9<\/p>\n<p>\u2014<\/p>\n<p><strong>Tocinillo del cielo de caqui<\/strong>, crema de iogurt, crujiente de casta\u00f1a, granada al natural y sorbet de granada<\/p>\n<p>\u2014<\/p>\n<p>16,50\u20ac<\/p>\n<\/div><div class=\"clear\"><\/div><\/p>\n<\/div>\n<\/div>\n<div class=\"woo-sc-divider flat\"><\/div>\n<\/div>\n<\/div>\n<div class=\"part8\">\n<div class=\"wrap1200\">\n<div class=\"woo-sc-divider\"><\/div>\n<h3>LA BODEGA<\/h3>\n<hr \/>\n<p class=\"respnw\">La antigua cisterna de agua de la casa, sin saberlo tenia las condiciones \u00f3ptimas de<br \/>\ntemperatura y humedad para pasar a ser una excelente bodega. Hoy en d\u00eda contiene<br \/>\nuna selecci\u00f3n de los mejores vinos nacionales e internacionales.<\/p>\n<p><img decoding=\"async\" src=\"http:\/\/www.restaurantcalenric.cat\/wp\/wp-content\/uploads\/2015\/12\/restaurant11.jpg\" \/><\/p>\n<\/div>\n<\/div>\n<h3 id=\"celebracions\">CELEBRACIONES<\/h3>\n<hr \/>\n<p><a href=\"#celebracions\">Disponemos de un espacio id\u00edlico para celebraciones<\/a>, un espacio con una<br \/>\ncapacidad de hasta 300 personas y un amplio jard\u00edn para ceremonias y aperitivos al\u00a0aire libre.<\/p>\n<p class=\"respnw\"><div class=\"woo-sc-divider\"><\/div><\/p>\n<p><img loading=\"lazy\" decoding=\"async\" class=\"wp-image-257 alignleft\" src=\"http:\/\/www.restaurantcalenric.cat\/wp\/wp-content\/uploads\/2016\/02\/celebracions1.jpg\" alt=\"celebracions1\" width=\"586\" height=\"357\" srcset=\"https:\/\/www.restaurantcalenric.cat\/wp\/wp-content\/uploads\/2016\/02\/celebracions1.jpg 600w, https:\/\/www.restaurantcalenric.cat\/wp\/wp-content\/uploads\/2016\/02\/celebracions1-300x183.jpg 300w\" sizes=\"auto, (max-width: 586px) 100vw, 586px\" \/><\/p>\n<p><img loading=\"lazy\" decoding=\"async\" class=\"wp-image-258 aligncenter\" src=\"http:\/\/www.restaurantcalenric.cat\/wp\/wp-content\/uploads\/2016\/02\/celebracions2.jpg\" alt=\"celebracions2\" width=\"571\" height=\"347\" srcset=\"https:\/\/www.restaurantcalenric.cat\/wp\/wp-content\/uploads\/2016\/02\/celebracions2.jpg 600w, https:\/\/www.restaurantcalenric.cat\/wp\/wp-content\/uploads\/2016\/02\/celebracions2-300x183.jpg 300w\" sizes=\"auto, (max-width: 571px) 100vw, 571px\" \/><\/p>\n<h3><img loading=\"lazy\" decoding=\"async\" class=\" wp-image-259 aligncenter\" src=\"http:\/\/www.restaurantcalenric.cat\/wp\/wp-content\/uploads\/2016\/02\/celebracions3.jpg\" alt=\"celebracions3\" width=\"909\" height=\"651\" srcset=\"https:\/\/www.restaurantcalenric.cat\/wp\/wp-content\/uploads\/2016\/02\/celebracions3.jpg 600w, https:\/\/www.restaurantcalenric.cat\/wp\/wp-content\/uploads\/2016\/02\/celebracions3-300x215.jpg 300w\" sizes=\"auto, (max-width: 909px) 100vw, 909px\" \/><\/h3>\n<div id=\"celebracions\" class=\"part10\">\n<div class=\"wrap1200\"><div class=\"woo-sc-divider flat\"><\/div><\/div>\n<\/div>\n<div class=\"woo-sc-divider\"><\/div>\n<h3 id=\"hostaldecalenric\">HOSTAL DE CA L&#8217;ENRIC<\/h3>\n<hr \/>\n<p class=\"respnw\">Disponemos de un espacio nuevo que ocupa el espacio de Clar de Lluna y que ser\u00e1 un retorno a los or\u00edgenes de nuestra casa. Platos de toda la vida con toda la esencia de Ca l&#8217;Enric.<br \/>\nOferecemos men\u00fa diario de mi\u00e9rcoles a viernes mediod\u00edas. Tambi\u00e9n la opci\u00f3n a carta de mi\u00e9rcoles a domingo mediod\u00edas, viernes y s\u00e1bado noche.<\/p>\n<div class=\"comprar\"><a href=\"https:\/\/lhostaldecalenric.myrestoo.net\/\" target=\"_blank\" rel=\"noopener\">RESERVAR HOSTAL<\/a><\/div>\n<p class=\"respnw\">O per tel\u00e9fono al 972 291 206<\/p>\n<p><img loading=\"lazy\" decoding=\"async\" class=\"alignnone wp-image-1463\" src=\"http:\/\/www.restaurantcalenric.cat\/wp\/wp-content\/uploads\/2021\/01\/79797aaa-5be3-4352-a2b6-89d53d041833-1.jpg\" alt=\"\" width=\"628\" height=\"837\" \/><img loading=\"lazy\" decoding=\"async\" class=\"alignnone size-large wp-image-1455\" src=\"http:\/\/www.restaurantcalenric.cat\/wp\/wp-content\/uploads\/2021\/01\/IMG_1691-1024x1018.jpg\" alt=\"\" width=\"1024\" height=\"1018\" srcset=\"https:\/\/www.restaurantcalenric.cat\/wp\/wp-content\/uploads\/2021\/01\/IMG_1691-1024x1018.jpg 1024w, https:\/\/www.restaurantcalenric.cat\/wp\/wp-content\/uploads\/2021\/01\/IMG_1691-100x100.jpg 100w, https:\/\/www.restaurantcalenric.cat\/wp\/wp-content\/uploads\/2021\/01\/IMG_1691-600x596.jpg 600w, https:\/\/www.restaurantcalenric.cat\/wp\/wp-content\/uploads\/2021\/01\/IMG_1691-150x150.jpg 150w, https:\/\/www.restaurantcalenric.cat\/wp\/wp-content\/uploads\/2021\/01\/IMG_1691-300x298.jpg 300w, https:\/\/www.restaurantcalenric.cat\/wp\/wp-content\/uploads\/2021\/01\/IMG_1691-768x763.jpg 768w, https:\/\/www.restaurantcalenric.cat\/wp\/wp-content\/uploads\/2021\/01\/IMG_1691.jpg 1284w\" sizes=\"auto, (max-width: 1024px) 100vw, 1024px\" \/><\/p>\n<div id=\"regala\" class=\"part11\">\n<div class=\"wrap1200\">\n<div class=\"woo-sc-divider flat\"><\/div>\n<h3 id=\"regalacalenric\">REGALA CA L&#8217;ENRIC<\/h3>\n<hr \/>\n<p class=\"respnw\">Regala experiencias gastron\u00f3micas Ca L\u2019Enric, un men\u00fa degustaci\u00f3n o una<br \/>\ncena con noche a la Garrotxa. Se pueden personalizar los textos de la tarjeta regalo<br \/>\ny envi\u00e1rsela a qui\u00e9n quiera.<\/p>\n<div class=\"woo-sc-divider\"><\/div>\n<div class=\"regals\">\n<div class=\"regal\">\n<h4>NOCHE EN LA GARROTXA<br \/>\nHOSTAL DE SANT SALVADOR<\/h4>\n<p>Una noche en el Hostal Sant Salvador de Bianya con desayuno y comida o cena en Ca l\u2019Enric.<br \/>\nPara 2 personas.<\/p>\n<div class=\"preu\">550\u20ac<\/div>\n<\/div>\n<div class=\"comprar\"><a href=\"https:\/\/www.restaurantcalenric.cat\/es\/producto\/nit-a-la-garrotxa-hostal-de-sant-salvador-de-bianya\/\">COMPRAR<\/a><\/div>\n<div class=\"woo-sc-divider\"><\/div>\n<div class=\"regal\">\n<h4>NOCHE EN LA GARROTXA<br \/>\nHOTEL MAS LA FERRERIA<\/h4>\n<p>Una noche en el Hotel Mas la Ferreria con desayuno y comida o cena en Ca l\u2019Enric.<br \/>\nPara 2 personas.<\/p>\n<div class=\"preu\">600\u20ac<\/div>\n<\/div>\n<div class=\"comprar\"><a href=\"https:\/\/www.restaurantcalenric.cat\/es\/producto\/nit-a-la-garrotxa-hotel-mas-la-ferreria\/\">COMPRAR<\/a><\/div>\n<\/div>\n<div class=\"regals\">\n<div class=\"regal\">\n<h4>MEN\u00da DEGUSTACI\u00d3N<br \/>\nDESCUBRIENDO EL VALLE<\/h4>\n<p>Men\u00fa degustaci\u00f3n en Ca l\u2019Enric para 2 personas.<\/p>\n<div class=\"preu\">400\u20ac<\/div>\n<\/div>\n<div class=\"comprar\"><a href=\"https:\/\/www.restaurantcalenric.cat\/es\/producto\/menu-degustacio-descobrint-la-vall\/\">COMPRAR<\/a><\/div>\n<p><div class=\"woo-sc-divider\"><\/div><br \/>\n<!--\n\n\n<div class=\"regal\">\n\n\n<h4>MEN\u00da DEGUSTACI\u00d3N\nRECUERDOS EN EVOLUCI\u00d3N<\/h4>\n\n\nMen\u00fa degustaci\u00f3n en Ca l\u2019Enric para 2 personas.\n\n\n<div class=\"preu\">320\u20ac<\/div>\n\n\n<\/div>\n\n\n\n\n<div class=\"comprar\"><a href=\"https:\/\/www.restaurantcalenric.cat\/es\/producto\/menu-degustacio-records-en-evolucio\/\">COMPRAR<\/a><\/div>\n\n\n-->\n<\/div>\n<\/div>\n<\/div>\n<\/div>\n<div><\/div>\n<div><\/div>\n<div class=\"restaurant\">\n<div id=\"reserves\" class=\"part9\"><iframe loading=\"lazy\" style=\"border: 0;\" src=\"https:\/\/www.google.com\/maps\/embed?pb=!1m18!1m12!1m3!1d47274.56579262481!2d2.4052175099781032!3d42.221703121118814!2m3!1f0!2f0!3f0!3m2!1i1024!2i768!4f13.1!3m3!1m2!1s0x12a54a97db540a79%3A0x6c4f9f265c531f9a!2sRestaurant%20Ca%20L'Enric!5e0!3m2!1sca!2ses!4v1568107586316!5m2!1sca!2ses\" width=\"100%\" height=\"600\" frameborder=\"0\" allowfullscreen=\"allowfullscreen\"><\/iframe><\/div>\n<\/div>\n","protected":false},"excerpt":{"rendered":"<p>Ca l\u2019Enric empieza en 1882 como un hostal para transe\u00fantes y peque\u00f1a tienda para abastecer los agricultores de la zona. En 1965, con la llegada de Dolors, la mujer de Desideri, empiezan los \u201cplatillos\u201d y poco despu\u00e9s las cazuelas y la brasa del fin de semana. Ahora el viejo hostal ya es todo un restaurante, [&hellip;]<\/p>\n","protected":false},"author":1,"featured_media":0,"parent":0,"menu_order":0,"comment_status":"closed","ping_status":"closed","template":"template-menu.php","meta":{"_acf_changed":false,"footnotes":""},"class_list":["post-116","page","type-page","status-publish","hentry"],"acf":[],"_links":{"self":[{"href":"https:\/\/www.restaurantcalenric.cat\/es\/wp-json\/wp\/v2\/pages\/116","targetHints":{"allow":["GET"]}}],"collection":[{"href":"https:\/\/www.restaurantcalenric.cat\/es\/wp-json\/wp\/v2\/pages"}],"about":[{"href":"https:\/\/www.restaurantcalenric.cat\/es\/wp-json\/wp\/v2\/types\/page"}],"author":[{"embeddable":true,"href":"https:\/\/www.restaurantcalenric.cat\/es\/wp-json\/wp\/v2\/users\/1"}],"replies":[{"embeddable":true,"href":"https:\/\/www.restaurantcalenric.cat\/es\/wp-json\/wp\/v2\/comments?post=116"}],"version-history":[{"count":195,"href":"https:\/\/www.restaurantcalenric.cat\/es\/wp-json\/wp\/v2\/pages\/116\/revisions"}],"predecessor-version":[{"id":4059,"href":"https:\/\/www.restaurantcalenric.cat\/es\/wp-json\/wp\/v2\/pages\/116\/revisions\/4059"}],"wp:attachment":[{"href":"https:\/\/www.restaurantcalenric.cat\/es\/wp-json\/wp\/v2\/media?parent=116"}],"curies":[{"name":"wp","href":"https:\/\/api.w.org\/{rel}","templated":true}]}}